{"id":7571,"date":"2023-03-01T12:27:32","date_gmt":"2023-03-01T11:27:32","guid":{"rendered":"https:\/\/fie.no\/festspillene-i-elverum-2\/"},"modified":"2026-04-28T10:09:55","modified_gmt":"2026-04-28T08:09:55","slug":"festspillene-i-elverum-2","status":"publish","type":"page","link":"https:\/\/fie.no\/en\/historie\/festspillene-i-elverum-2\/","title":{"rendered":"Festspillene i Elverum"},"content":{"rendered":"\t\t<div data-elementor-type=\"wp-page\" data-elementor-id=\"7571\" class=\"elementor elementor-7571 elementor-5538\" data-elementor-post-type=\"page\">\n\t\t\t\t<div class=\"elementor-element elementor-element-78059cd3 white-bg--inner e-flex e-con-boxed e-con e-parent\" data-id=\"78059cd3\" data-element_type=\"container\" data-e-type=\"container\" data-settings=\"{&quot;background_background&quot;:&quot;classic&quot;,&quot;jet_parallax_layout_list&quot;:[]}\">\n\t\t\t\t\t<div class=\"e-con-inner\">\n\t\t<div class=\"elementor-element elementor-element-462fb628 e-con-full e-flex e-con e-child\" data-id=\"462fb628\" data-element_type=\"container\" data-e-type=\"container\" data-settings=\"{&quot;jet_parallax_layout_list&quot;:[]}\">\n\t\t\t\t<div class=\"elementor-element elementor-element-22f19892 title-primary--garamond elementor-widget elementor-widget-heading\" data-id=\"22f19892\" data-element_type=\"widget\" data-e-type=\"widget\" data-widget_type=\"heading.default\">\n\t\t\t\t<div class=\"elementor-widget-container\">\n\t\t\t\t\t<h1 class=\"elementor-heading-title elementor-size-default\">Festspillene i Elverum<\/h1>\t\t\t\t<\/div>\n\t\t\t\t<\/div>\n\t\t\t\t<div class=\"elementor-element elementor-element-80aa5e3 elementor-widget-divider--view-line elementor-widget elementor-widget-divider\" data-id=\"80aa5e3\" data-element_type=\"widget\" data-e-type=\"widget\" data-widget_type=\"divider.default\">\n\t\t\t\t<div class=\"elementor-widget-container\">\n\t\t\t\t\t\t\t<div class=\"elementor-divider\">\n\t\t\t<span class=\"elementor-divider-separator\">\n\t\t\t\t\t\t<\/span>\n\t\t<\/div>\n\t\t\t\t\t\t<\/div>\n\t\t\t\t<\/div>\n\t\t<div class=\"elementor-element elementor-element-68bcb696 e-flex e-con-boxed e-con e-child\" data-id=\"68bcb696\" data-element_type=\"container\" data-e-type=\"container\" data-settings=\"{&quot;background_background&quot;:&quot;classic&quot;,&quot;jet_parallax_layout_list&quot;:[]}\">\n\t\t\t\t\t<div class=\"e-con-inner\">\n\t\t\t\t\t<\/div>\n\t\t\t\t<\/div>\n\t\t\t\t<\/div>\n\t\t<div class=\"elementor-element elementor-element-16d05d99 e-flex e-con-boxed e-con e-child\" data-id=\"16d05d99\" data-element_type=\"container\" data-e-type=\"container\" data-settings=\"{&quot;jet_parallax_layout_list&quot;:[]}\">\n\t\t\t\t\t<div class=\"e-con-inner\">\n\t\t\t\t<div class=\"elementor-element elementor-element-7dea5996 elementor-widget elementor-widget-heading\" data-id=\"7dea5996\" data-element_type=\"widget\" data-e-type=\"widget\" data-widget_type=\"heading.default\">\n\t\t\t\t<div class=\"elementor-widget-container\">\n\t\t\t\t\t<p class=\"elementor-heading-title elementor-size-default\">Opplevelser som begeistrer siden 1974!<\/p>\t\t\t\t<\/div>\n\t\t\t\t<\/div>\n\t\t\t\t<div class=\"elementor-element elementor-element-77b471b9 elementor-widget__width-inherit elementor-widget elementor-widget-text-editor\" data-id=\"77b471b9\" data-element_type=\"widget\" data-e-type=\"widget\" data-widget_type=\"text-editor.default\">\n\t\t\t\t<div class=\"elementor-widget-container\">\n\t\t\t\t\t\t\t\t\t<div class=\"elementor-element elementor-element-23ff4b7 elementor-widget elementor-widget-theme-post-title elementor-page-title elementor-widget-heading is-mac\" data-id=\"23ff4b7\" data-element_type=\"widget\" data-widget_type=\"theme-post-title.default\">\n<div class=\"elementor-widget-container\">\n<p class=\"elementor-heading-title elementor-size-default\" style=\"text-align: left;\"><i><span style=\"font-weight: 400;\">\u00abVi har et symfoniorkester, vil dere ha et festspill?\u00bb\u00a0<\/span><\/i><span style=\"font-weight: 400;\">\u00a0<\/span><\/p>\n<p class=\"elementor-heading-title elementor-size-default\" style=\"text-align: left;\">Omtrent slik skal ordene ha falt fra Ungdomssymfonikernes Harry Kveb\u00e6k til Elverums ordf\u00f8rer Markvard B\u00e6kken en sommerdag i 1973. \u00c5ret etter var Festspillene i Elverum et faktum, og det har i ettertid blitt arrangert \u00e5rlige festspill i Elverum og omegn i hele fem ti\u00e5r.\u00a0<\/p>\n<\/div>\n<\/div>\n<div class=\"elementor-element elementor-element-74e0e42 e-flex e-con-boxed e-con e-child\" data-id=\"74e0e42\" data-element_type=\"container\" data-settings=\"{&quot;jet_parallax_layout_list&quot;:[],&quot;content_width&quot;:&quot;boxed&quot;}\">\n<div class=\"e-con-inner\">\n<div class=\"elementor-element elementor-element-7bfba63 elementor-widget elementor-widget-jet-listing-dynamic-field is-mac\" data-id=\"7bfba63\" data-element_type=\"widget\" data-widget_type=\"jet-listing-dynamic-field.default\">\n<div class=\"elementor-widget-container\">\n<div class=\"jet-listing jet-listing-dynamic-field display-inline\">\n<div class=\"jet-listing-dynamic-field__inline-wrap\">\n<div class=\"jet-listing-dynamic-field__content\">\n<p style=\"text-align: left;\">I \u00e5r feirer festivalen sitt 50-\u00e5rsjubileum, og kan se tilbake p\u00e5 mange minnerike opplevelser etter n\u00e6rmere 1.200 arrangementer og ca. 450.000 bes\u00f8kende.\u00a0<br \/>Konserter, utstillinger og andre festspillopplevelser er arrangert prim\u00e6rt i Elverum kommune, men ogs\u00e5 i hele 15 andre Innlandskommuner; Engerdal, Gausdal, Gj\u00f8vik, Grue, Hamar, Kongsvinger, L\u00f8ten, Rendalen, Stange, Trysil, Tynset, Vang, V\u00e5ler, \u00c5mot og \u00c5snes.\u00a0<\/p>\n<p style=\"text-align: left;\">Ungdomssymfonikerne har v\u00e6rt og er fortsatt selve ryggraden i Festspillene i Elverum, og siden oppstarten i 1974 har Festspillene v\u00e6rt et fast utstillingsvindu for orkesterets tre \u00e5rlige produksjoner. I tillegg har det v\u00e6rt utallige andre flotte festspillopplevelser sammen med b\u00e5de lokale- og internasjonale artister.<br \/>Det siste ti\u00e5ret har Festspillene i Elverum hatt gleden av \u00e5 ha bes\u00f8k av f\u00f8lgende medvirkende under festivalen:<br \/><sub>Aksel Rykkvin \u2013 Alba Ventura \u2013 Alasdair Beatson \u2013 Alexander Sitkovetsky \u2013 Amalie Stalheim \u2013 Anders Baasmo Christiansen \u2013 Andrea Pellegrini \u2013 Andrej Nebb \u2013 Andrew Manze \u2013 Andris Poga \u2013 Ane Marthe S\u00f8rlien Holen \u2013 Anita Tjemsland \u2013 Ann-Beth Solvang \u2013 Ann Helen Moen \u2013 Annabelle Meare \u2013 Anne Blijdenstein \u2013 Anne-Marie Gi\u00f8rtz \u2013 Annette Hveem Narum \u2013 Arve Henriksen \u2013 Arve Tellefsen \u2013 Asle Karstad \u2013 Astrid Nordstad \u2013 Atle Pas \u2013 Atle Sponberg \u2013 Aud Ingebj\u00f8rg Barstad \u2013 Audun Breen \u2013 August Schieldrop \u2013 Belgian Brass Quintet \u2013 Ben Nabarro \u2013 Bendik Hofseth Band \u2013 Berit Cardas \u2013 Berit Norbakken Solset \u2013 Birger Mistereggen \u2013 Birgitte Christensen \u2013 Bjarke Mogensen \u2013 Bjarte Engeseth \u2013 Bj\u00f8rg Lewis \u2013 Bj\u00f8rn Boysen \u2013 Bj\u00f8rn Eidsv\u00e5g \u2013 Bj\u00f8rn K\u00e5re Odde \u2013 Bj\u00f8rn Tomren \u2013 Bj\u00f8rn Erik Schjerverud \u2013 Bj\u00f8rn Ransve \u2013 Bugge Wesseltoft \u2013 Byr\u00e5et \u2013 B\u00f8rre Flyen \u2013 Catharina Chen \u2013 Catherine Winnes \u2013 CC Cowboys \u2013 Christian Eggen \u2013 Christian Gr\u00f8vlen \u2013 Christian V\u00e1squez \u2013 Christina Sandsengen \u2013 Clara Mouriz \u2013 Dagfinn Andersen \u2013 Daniel Herskedal \u2013 Daniel Schnyder \u2013 David Taylor \u2013 Det Norske Solistkor \u2013 Dj Strangefruit \u2013 DumDum Boys \u2013 Einar Annar Evensen \u2013 Einar Sigstad \u2013 Eirik Raude \u2013 Eivind Henjum \u2013 Eli Furubotn \u2013 Eli Kristin Hanssveen \u2013 Eliahu Inbal \u2013 Elisabeth Norseng \u2013 Elisabeth Werp \u2013 Elise B\u00e5tnes \u2013 Elverum Mannskor \u2013 Elverum Vetrankorps \u2013 Emilie Heldal Lidsheim \u2013 Erlend Viken \u2013 Espen Berg \u2013 Espen Lind \u2013 Evgeni Koroliov \u2013 Filip Simeonov \u2013 Florian Donderer \u2013 Frida T\u00f8mmerberg \u2013 Frida \u00c5nnevik Trio \u2013 Frode Aln\u00e6s \u2013 Frode Haltli \u2013 Frode Larsen \u2013 Fr\u00f8ydis Grodrud \u2013 Gabriel \u00d8yen \u2013 Garth Knox \u2013 Geir Hjetland \u2013 Geir Inge Lotsberg \u2013 Geir Lystrup \u2013 Gemma Rosefield \u2013 Georg Buljo \u2013 German Brass \u2013 Giani Lincan \u2013 Gjermund Pas \u2013 Gisle B\u00f8rge Styve \u2013 Guro Hjemli \u2013 Halldis Hoaas \u2013 Hanne Diserud \u2013 Hanne Korsbrekke Askeland \u2013 Hans Hulb\u00e6kmo \u2013 Hans Kristian Kjos-S\u00f8rensen \u2013 Heine Totland \u2013 Helen Vikstvedt \u2013 Helge Lien \u2013 Henning Kraggerud \u2013 Hilde gr\u00f8nstad Sunde \u2013 Hilde Nora Ringstad \u2013 H\u00e5kon Danile Nystedt \u2013 H\u00e5kon Kornstad \u2013 H\u00e5vard Gimse \u2013 H\u00e5vard Stensvold \u2013 Ida Holten Wors\u00f8e \u2013 Ingar Bergby \u2013 Inga Margrete Aas \u2013 Ingeborg Stana \u2013 Ingebj\u00f8rg Bratland \u2013 Ingeborg Gillebo \u2013 Ivar Hellesnes \u2013 Ivar Nerg\u00e5rd \u2013 Jacquelyn Wagner \u2013 Jakop Janss\u00f8nn \u2013 Jan Eggum \u2013 Jan Paul Brekke \u2013 Janne Langaas \u2013 Javid Afsari Ras \u2013 Jens Wendelboe \u2013 Jie Zhang \u2013 Jo Nesb\u00f8 \u2013 Joachim \u201cNoobwork\u201d Hansen \u2013 Johan Dalene \u2013 Johannes Gustavsson \u2013 Johannes Weisser \u2013 Juanjo Mena \u2013 Justas Kulikauskas \u2013 J\u00f8rn Halbakken \u2013 Kari Bremnes \u2013 Kari Postma \u2013 Kari R\u00f8nnekleiv \u2013 Katrine Gislinge \u2013 Katrine Schi\u00f8tt \u2013 Kikk Scheen \u2013 Knut Erik Sundquist \u2013 Knut Kristian Mohn \u2013 Kristian Krogs\u00f8e \u2013 Kristin Solberg \u2013 Krist\u00f3f Bar\u00e1ti \u2013 Lars Joner \u2013 Lars Winnerb\u00e4ck \u2013 Lars \u00d8yno \u2013 Lasse Johansen Orkester \u2013 Leif Aren Tangen \u2013 Linn Sk\u00e5ber \u2013 Ljupka Hadzigeorgieva \u2013 Madeleine Mattar \u2013 Mads Erik Odde \u2013 Magnhild Korsvik \u2013 Magnus Staveland \u2013 Maren Elle \u2013 Margrethe Fredheim \u2013 Mari Boine Band \u2013 Mari Midtli \u2013 Maria Haukaas Mittet \u2013 Maria Meerovitch \u2013 Marianne Beate Kielland \u2013 Marit Bodsberg \u2013 Marja Mortensson \u2013 Marius Neset \u2013 Marius Westling \u2013 Markku Ounaskari \u2013 Martin Baeza-Rubio \u2013 Martin Kuuskmann \u2013 Mats Eilertsen \u2013 Mette Bratzeg \u2013 Mette Torstensen \u2013 Michael Grolid \u2013 Michala Petri \u2013 Mona Gr\u00f8nstad \u2013 Morten Gran \u2013 New Ideas Chamber Orchestra \u2013 Nils Petter Molv\u00e6r Band \u2013 Nils \u00d8kland \u2013 Odd Nordstoga \u2013 Ola Kvernberg \u2013 Olav Ljukseng\u00e5r Mjelva \u2013 Ole Andreas Fevang \u2013 Ole Edvard Antonsen \u2013 Ole Gj\u00f8sd\u00f8l \u2013 Ole Kristian Bonden \u2013 Ole Kristian Ruud \u2013 Ole J\u00f8rgen Kristiansen \u2013 Ole Morten V\u00e5gan \u2013 Ole Nilsen \u2013 Ole Paus \u2013 Orkester Innlandet \u2013 Oslo Strings \u2013 Paul Lewis \u2013 Per Arne Glorvigen \u2013 Per Hillestad \u2013 Per Willy Aaserud \u2013 Prinsens Musikkorps \u2013 P\u00e5l Hausken \u2013 Raga Rockers \u2013 Reidun Askeland \u2013 Rolf Erik Nystr\u00f8m \u2013 Rolf Gupta \u2013 Sabina Zweiacker \u2013 Sakarias F. Tranv\u00e5g \u2013 Sara Aasen \u2013 Sergei Nakariakov \u2013 Sergio Carolino \u2013 Sidsel Walstad \u2013 Sigmund Groven \u2013 Sigmund L\u00f8v\u00e5sen \u2013 Sigstein Folger\u00f8d \u2013 Sigurd Hole \u2013 Sinikka Langeland \u2013 Sivert H\u00f8yem \u2013 Sj\u00f8holmen Barnekunsthus \u2013 Stefan Ibsen Zlatos \u2013 Steinar Haugerud \u2013 Stian Carstensen \u2013 Sting \u2013 St\u00e5le Storl\u00f8kken \u2013 Sunniva Fevang \u2013 Sverre Indris Joner \u2013 Sytske Pas \u2013 Szymanovsky Quartet \u2013 Tabita Berglund \u2013 Tango for 3 \u2013 Tanja Tetzlaff \u2013 Terje Viken \u2013 Therese Slob \u2013 Tim Norton \u2013 Tom Erik Antonsen \u2013 Tom Ottar Andreassen \u2013 Tom Steinar Lund \u2013 Tom Styve \u2013 Tora Augstad \u2013 Torbj\u00f8rn Harr \u2013 Torleif Thed\u00e9en \u2013 Torodd Wigum \u2013 Trond Nordby \u2013 Trondheimsolistene \u2013 Truls M\u00f8rk \u2013 Trygve Seim \u2013 Ungdomssymfonikerne \u2013 Vazelina Bilopph\u00f8ggers \u2013 Vegar V\u00e5rdal \u2013 Vertavokvartetten \u2013 Vikingarna \u2013 Vilde Sandve Aln\u00e6s \u2013 Wayne Marshall \u2013 Wolfgang Plagge \u2013 Zienerfilharmonien \u2013 Yura Lee \u2013 \u00d8yvind Mathisen \u2013 \u00d8yvind Sandum \u2013 \u00d8yvor Volle \u2013 \u00c5dalsbruk musikkforening \u2013 \u00c5smund Moen<\/sub><\/p>\n<p style=\"text-align: left;\">Fra 1998 til og med 2000, var H\u00e5vard Gimse og Geir Inge Lotsberg festivalens kunstneriske ledere, f\u00f8r Vertavokvartetten overtok fra 2001 til og med 2015. Ole Edvard Antonsen har v\u00e6rt engasjert fra og med 2016, og er fortsatt festivalens kunstneriske leder i dag. F\u00f8r Festspillene i Elverum engasjerte kunstneriske ledere, ble programmet satt sammen av et kunstnerisk r\u00e5d.\u00a0\u00a0<\/p>\n<p style=\"text-align: left;\">Hele historien om hvordan festspillene kom til og historien fra de 30 f\u00f8rste \u00e5rene, kan du lese om i en digitalisert versjon av Festspillenes jubileumsbok fra 2003. Den finner du <strong><a href=\"https:\/\/fie.no\/historie\/digital-bok\/\">her<\/a>. <\/strong>\u00a0<\/p>\n<p style=\"text-align: left;\"><em><sub>Bilde l\u00e5nt fra \u00d8stlendingen<\/sub> <\/em><\/p>\n<\/div>\n<\/div>\n<\/div>\n<\/div>\n<\/div>\n<\/div>\n<\/div>\n\t\t\t\t\t\t\t\t<\/div>\n\t\t\t\t<\/div>\n\t\t\t\t\t<\/div>\n\t\t\t\t<\/div>\n\t\t\t\t\t<\/div>\n\t\t\t\t<\/div>\n\t\t\t\t<\/div>\n\t\t","protected":false},"excerpt":{"rendered":"<p>Festspillene i Elverum Opplevelser som begeistrer siden 1974! \u00abVi har et symfoniorkester, vil dere ha et festspill?\u00bb\u00a0\u00a0 Omtrent slik skal ordene ha falt fra Ungdomssymfonikernes Harry Kveb\u00e6k til Elverums ordf\u00f8rer Markvard B\u00e6kken en sommerdag i 1973. \u00c5ret etter var Festspillene i Elverum et faktum, og det har i ettertid blitt arrangert \u00e5rlige festspill i Elverum [&hellip;]<\/p>\n","protected":false},"author":1,"featured_media":0,"parent":7687,"menu_order":0,"comment_status":"closed","ping_status":"closed","template":"","meta":{"inline_featured_image":false,"_jet_sm_ready_style":"","_jet_sm_style":"","_jet_sm_controls_values":"","_jet_sm_fonts_collection":"","_jet_sm_fonts_links":"","footnotes":""},"class_list":["post-7571","page","type-page","status-publish","hentry"],"_links":{"self":[{"href":"https:\/\/fie.no\/en\/wp-json\/wp\/v2\/pages\/7571","targetHints":{"allow":["GET"]}}],"collection":[{"href":"https:\/\/fie.no\/en\/wp-json\/wp\/v2\/pages"}],"about":[{"href":"https:\/\/fie.no\/en\/wp-json\/wp\/v2\/types\/page"}],"author":[{"embeddable":true,"href":"https:\/\/fie.no\/en\/wp-json\/wp\/v2\/users\/1"}],"replies":[{"embeddable":true,"href":"https:\/\/fie.no\/en\/wp-json\/wp\/v2\/comments?post=7571"}],"version-history":[{"count":0,"href":"https:\/\/fie.no\/en\/wp-json\/wp\/v2\/pages\/7571\/revisions"}],"up":[{"embeddable":true,"href":"https:\/\/fie.no\/en\/wp-json\/wp\/v2\/pages\/7687"}],"wp:attachment":[{"href":"https:\/\/fie.no\/en\/wp-json\/wp\/v2\/media?parent=7571"}],"curies":[{"name":"wp","href":"https:\/\/api.w.org\/{rel}","templated":true}]}}